{"id":4991,"date":"2024-02-14T22:26:34","date_gmt":"2024-02-14T21:26:34","guid":{"rendered":"https:\/\/www.factoria-4-7.org\/?post_type=tribe_events&#038;p=4991"},"modified":"2024-02-15T11:46:05","modified_gmt":"2024-02-15T10:46:05","slug":"save-the-date-europa-es-sostenible-ii-encuentro-pintxovote","status":"publish","type":"tribe_events","link":"https:\/\/www.factoria-4-7.org\/eu\/evento\/save-the-date-europa-es-sostenible-ii-encuentro-pintxovote\/","title":{"rendered":"Save the Date!! Europa, \u00bfes sostenible? II Encuentro Pintxo&amp;Vote"},"content":{"rendered":"<p>La asociaci\u00f3n <a href=\"http:\/\/www.ecivis.eus\">eCivis<\/a> invita a la ciudadan\u00eda a participar en el encuentro Pintxo&amp;Vote &#8220;Europa, \u00bfes sostenible?&#8221;, que se celebrar\u00e1 el pr\u00f3ximo viernes 1 de marzo en el espacio de <a href=\"https:\/\/kuna.bbk.eus\/\">BBK Kuna<\/a> a partir de las 18.00 horas, con la participaci\u00f3n de <a href=\"https:\/\/www.europarl.europa.eu\/meps\/es\/96922\/IZASKUN_BILBAO+BARANDICA\/home\">Izaskun Bilbao Barandica<\/a>, diputada en el<br \/>\n<a href=\"https:\/\/www.europarl.europa.eu\/portal\/es\">Parlamento Europeo<\/a> en el grupo <a href=\"https:\/\/www.reneweuropegroup.eu\/\">Renew Europe<\/a>, y Olatz Ortega Vidales, voluntaria en la asociaci\u00f3n ecofeminista <a href=\"https:\/\/olasinplastico.org\/\">Ola Sin Pl\u00e1stico<\/a>. Todo ello dinamizado por <a href=\"https:\/\/www.linkedin.com\/in\/berdeago\/?originalSubdomain=es\">Javier S\u00e1nchez<\/a>, coordinador de <a href=\"https:\/\/berdeago.org\/\">Berdeago<\/a>, asociaci\u00f3n europea para la sostenibilidad.<\/p>\n<p>Los encuentros Pintxo&amp;Vote, gratuitos previa inscripci\u00f3n a trav\u00e9s de la plataforma todosjuntos.eu, se enmarcan dentro del proyecto <a href=\"http:\/\/www.ecivis.eus\/gotmyvote\/\">Got My Vote<\/a>!, que esta organizaci\u00f3n desarrolla en el territorio de Bizkaia hasta el mes de mayo, con apoyo del Parlamento Europeo y el <a href=\"https:\/\/www.bizkaia.eus\/es\/empleo-cohesion-social-e-igualdad\">Departamento de Empleo, Cohesi\u00f3n Social e Igualdad de la Diputaci\u00f3n Foral de Bizkaia<\/a>. Estos encuentros tienen como objetivo propiciar el di\u00e1logo de la juventud y de la ciudadan\u00eda, en general, en torno a temas de actualidad. Todo ello en el contexto de las pr\u00f3ximas elecciones al Parlamento Europeo, el 9 de junio de 2024.<\/p>\n<p>Para participar en este encuentro, ap\u00fantate <a href=\"https:\/\/together.europarl.europa.eu\/es\/event\/europa-es-sostenible-ii-encuentro-pintxo-vote-2024-03-01-9571\/register\">aqu\u00ed<\/a>.<\/p>\n<p>eCivis invita a la juventud de Bizkaia, y a la ciudadan\u00eda en general, a seguir sus perfiles de redes sociales y a participar en la plataforma <a href=\"http:\/\/todosjuntos.eu\">todosjuntos.eu<\/a> para estar atenta a futuros encuentros que tendr\u00e1n lugar pr\u00f3ximamente y hasta el d\u00eda 3 de mayo, en el contexto de este proyecto.<\/p>\n<p>Para m\u00e1s informaci\u00f3n pod\u00e9is contactar con la asociaci\u00f3n eCivis en el tel\u00e9fono 636644671 o en la direcci\u00f3n de correo electr\u00f3nico info@ecivis.eus.<\/p>\n","protected":false},"excerpt":{"rendered":"<p>La asociaci\u00f3n eCivis invita a la ciudadan\u00eda a participar en el encuentro Pintxo&amp;Vote &#8220;Europa, \u00bfes sostenible?&#8221;, que se celebrar\u00e1 el pr\u00f3ximo viernes 1 de marzo en el espacio de BBK [&hellip;]<\/p>\n","protected":false},"author":47,"featured_media":4992,"template":"","meta":{"_acf_changed":false,"_tribe_events_status":"","_tribe_events_status_reason":"","footnotes":""},"tags":[],"ods":[12,11,10,6],"tribe_events_cat":[],"class_list":["post-4991","tribe_events","type-tribe_events","status-publish","has-post-thumbnail","hentry","ods-ciudades-comunidades-sostenibles","ods-produccion-consumo-sostenibles","ods-accion-clima","ods-alianzas-para-lograr-objetivos"],"acf":[],"_links":{"self":[{"href":"https:\/\/www.factoria-4-7.org\/eu\/wp-json\/wp\/v2\/tribe_events\/4991","targetHints":{"allow":["GET"]}}],"collection":[{"href":"https:\/\/www.factoria-4-7.org\/eu\/wp-json\/wp\/v2\/tribe_events"}],"about":[{"href":"https:\/\/www.factoria-4-7.org\/eu\/wp-json\/wp\/v2\/types\/tribe_events"}],"author":[{"embeddable":true,"href":"https:\/\/www.factoria-4-7.org\/eu\/wp-json\/wp\/v2\/users\/47"}],"version-history":[{"count":4,"href":"https:\/\/www.factoria-4-7.org\/eu\/wp-json\/wp\/v2\/tribe_events\/4991\/revisions"}],"predecessor-version":[{"id":5005,"href":"https:\/\/www.factoria-4-7.org\/eu\/wp-json\/wp\/v2\/tribe_events\/4991\/revisions\/5005"}],"wp:featuredmedia":[{"embeddable":true,"href":"https:\/\/www.factoria-4-7.org\/eu\/wp-json\/wp\/v2\/media\/4992"}],"wp:attachment":[{"href":"https:\/\/www.factoria-4-7.org\/eu\/wp-json\/wp\/v2\/media?parent=4991"}],"wp:term":[{"taxonomy":"post_tag","embeddable":true,"href":"https:\/\/www.factoria-4-7.org\/eu\/wp-json\/wp\/v2\/tags?post=4991"},{"taxonomy":"ods","embeddable":true,"href":"https:\/\/www.factoria-4-7.org\/eu\/wp-json\/wp\/v2\/ods?post=4991"},{"taxonomy":"tribe_events_cat","embeddable":true,"href":"https:\/\/www.factoria-4-7.org\/eu\/wp-json\/wp\/v2\/tribe_events_cat?post=4991"}],"curies":[{"name":"wp","href":"https:\/\/api.w.org\/{rel}","templated":true}]}}