{"id":5439,"date":"2024-04-19T09:48:40","date_gmt":"2024-04-19T07:48:40","guid":{"rendered":"https:\/\/www.factoria-4-7.org\/?post_type=tribe_events&#038;p=5439"},"modified":"2024-04-19T09:51:06","modified_gmt":"2024-04-19T07:51:06","slug":"jornada-sobre-retos-educativos-del-siglo-xxi","status":"publish","type":"tribe_events","link":"https:\/\/www.factoria-4-7.org\/eu\/evento\/jornada-sobre-retos-educativos-del-siglo-xxi\/","title":{"rendered":"Jornada sobre Retos Educativos del Siglo XXI"},"content":{"rendered":"<p>El objetivo principal de esta jornada es presentar algunos de los retos educativos del siglo XXI como son la digitalizaci\u00f3n, la educaci\u00f3n emocional, los Objetivos de Desarrollo Sostenible, las altas capacidades, la diversidad cultural, la educaci\u00f3n STEAM y la metodolog\u00eda amplificARTE.<\/p>\n<p>Entre los ponentes est\u00e1n Sandra Cam\u00f3s de la Fundaci\u00f3n Princesa de Girona, Arrate Ugalde (Coordinadora del \u00c1rea de digitalizaci\u00f3n e innovaci\u00f3n tecno- pedag\u00f3gica del Berritzegune Nagusia), Itziar Uribe (Innobasque), Miryam Mart\u00ednez (Universidad de Deusto), Samuel Fern\u00e1ndez (UNEtxea), Arkaitz Zendagorta y Estibaliz Lancho (Sagrado Coraz\u00f3n ikastetxea) y David Mart\u00ednez (director del colegio Amor Misericordioso de Bilbao).<\/p>\n<p>Programa:<\/p>\n<p>08:30-09:00 Registro<\/p>\n<p>09:00-09:15 Bienvenida de la decana de la Facultad de Educaci\u00f3n y Deporte. M\u00aa Isabel Ariceta.Universidad de Deusto<\/p>\n<p>09:15-10:00 Ponencia Invitada. Sandr\u00e1 Cam\u00f3s. Directora de proyectos educativos de la Fundaci\u00f3nPrincesa de Girona.<\/p>\n<p>10:00-10:30 Competencia Digital. Arrate Ugalde. Coordinadora del \u00c1rea de digitalizaci\u00f3n e innovaci\u00f3ntecno- pedag\u00f3gica. Berritzegune Nagusia.<\/p>\n<p>10:30-11:00 ODS. Samuel Fern\u00e1ndez. Programa Educaci\u00f3n-Factor\u00eda 4.7 &#8211; UNEtxea.<\/p>\n<p>11:00-11:30 DESCANSO<\/p>\n<p>11:30-12:00 STEAM. Itziar Uribe. Pol\u00edticas de Innovaci\u00f3n. Agencia Vasca de la Innovaci\u00f3n. Innobasque.<\/p>\n<p>12:00-12:30 Emociones. Arkaitz Zendagorta y Estibaliz Lancho, Responsable de Innovaci\u00f3n y Psic\u00f3loga de Sagrado Coraz\u00f3n Ikastetxea. Bermeo.<\/p>\n<p>12:30-13:00 Altas capacidades. Myriam Mart\u00ednez. Directora Departamento de Educaci\u00f3n. Universidad de Deusto.<\/p>\n<p>13:00-13:30 Diversidad cultural. David Mart\u00ednez. Director del Colegio Amor Misericordioso de Bilbao.<\/p>\n<p>13:30-14:00 Cierre\/Conclusi\u00f3n<\/p>\n<p>Aquellos que quer\u00e1is asistir, conviene ponerse en contacto con Arantza Arruti (aarruti@deusto.es) y Jessica Pa\u00f1os (jessicapanos@deusto.es).<\/p>\n","protected":false},"excerpt":{"rendered":"<p>El objetivo principal de esta jornada es presentar algunos de los retos educativos del siglo XXI como son la digitalizaci\u00f3n, la educaci\u00f3n emocional, los Objetivos de Desarrollo Sostenible, las altas [&hellip;]<\/p>\n","protected":false},"author":6,"featured_media":5440,"template":"","meta":{"_acf_changed":false,"_tribe_events_status":"","_tribe_events_status_reason":"","footnotes":""},"tags":[],"ods":[19],"tribe_events_cat":[],"class_list":["post-5439","tribe_events","type-tribe_events","status-publish","has-post-thumbnail","hentry","ods-educacion-calidad"],"acf":[],"_links":{"self":[{"href":"https:\/\/www.factoria-4-7.org\/eu\/wp-json\/wp\/v2\/tribe_events\/5439","targetHints":{"allow":["GET"]}}],"collection":[{"href":"https:\/\/www.factoria-4-7.org\/eu\/wp-json\/wp\/v2\/tribe_events"}],"about":[{"href":"https:\/\/www.factoria-4-7.org\/eu\/wp-json\/wp\/v2\/types\/tribe_events"}],"author":[{"embeddable":true,"href":"https:\/\/www.factoria-4-7.org\/eu\/wp-json\/wp\/v2\/users\/6"}],"version-history":[{"count":2,"href":"https:\/\/www.factoria-4-7.org\/eu\/wp-json\/wp\/v2\/tribe_events\/5439\/revisions"}],"predecessor-version":[{"id":5445,"href":"https:\/\/www.factoria-4-7.org\/eu\/wp-json\/wp\/v2\/tribe_events\/5439\/revisions\/5445"}],"wp:featuredmedia":[{"embeddable":true,"href":"https:\/\/www.factoria-4-7.org\/eu\/wp-json\/wp\/v2\/media\/5440"}],"wp:attachment":[{"href":"https:\/\/www.factoria-4-7.org\/eu\/wp-json\/wp\/v2\/media?parent=5439"}],"wp:term":[{"taxonomy":"post_tag","embeddable":true,"href":"https:\/\/www.factoria-4-7.org\/eu\/wp-json\/wp\/v2\/tags?post=5439"},{"taxonomy":"ods","embeddable":true,"href":"https:\/\/www.factoria-4-7.org\/eu\/wp-json\/wp\/v2\/ods?post=5439"},{"taxonomy":"tribe_events_cat","embeddable":true,"href":"https:\/\/www.factoria-4-7.org\/eu\/wp-json\/wp\/v2\/tribe_events_cat?post=5439"}],"curies":[{"name":"wp","href":"https:\/\/api.w.org\/{rel}","templated":true}]}}