{"id":5972,"date":"2025-01-15T20:39:25","date_gmt":"2025-01-15T19:39:25","guid":{"rendered":"https:\/\/www.factoria-4-7.org\/?post_type=tribe_events&#038;p=5972"},"modified":"2025-01-15T20:39:25","modified_gmt":"2025-01-15T19:39:25","slug":"terraza-europa-turismo-sostenible-en-europa-que-oportunidades-para-la-juventud","status":"publish","type":"tribe_events","link":"https:\/\/www.factoria-4-7.org\/eu\/evento\/terraza-europa-turismo-sostenible-en-europa-que-oportunidades-para-la-juventud\/","title":{"rendered":"Terraza Europa: Turismo sostenible en Europa: \u00bfqu\u00e9 oportunidades para la juventud?"},"content":{"rendered":"<p><span style=\"color: #1e1e1e\">Ante los retos que supone el turismo para muchos de los territorios de la Uni\u00f3n Europea, el Parlamento Europeo aprob\u00f3 en 2021 la\u00a0Estrategia de la Uni\u00f3n en materia de turismo sostenible, marcando el camino para un sector tur\u00edstico m\u00e1s sostenible, fomentando la competitividad, la inclusi\u00f3n social y la protecci\u00f3n del medio ambiente.<\/span><\/p>\n<p><span style=\"color: #1e1e1e\">En este contexto, y en colaboraci\u00f3n con la Oficina del Parlamento Europeo en Espa\u00f1a, desde la asociaci\u00f3n eCivis te queremos invitar a debatir acerca de c\u00f3mo pueden las y los j\u00f3venes ser protagonistas en esta transformaci\u00f3n, impulsando un turismo sostenible y lleno de oportunidades laborales, junto a la eurodiputada de Renew Europe, Oihane Agirregoitia y la fundadora de Turiskopio, Natalia Zapatero.\u00a0<\/span><\/p>\n<p>&nbsp;<\/p>\n<p>Ap\u00fantate en el enlace o bien escr\u00edbenos a info@ecivis.eus.<\/p>\n<p>\u00a1Te esperamos!<\/p>\n","protected":false},"excerpt":{"rendered":"<p>Ante los retos que supone el turismo para muchos de los territorios de la Uni\u00f3n Europea, el Parlamento Europeo aprob\u00f3 en 2021 la\u00a0Estrategia de la Uni\u00f3n en materia de turismo [&hellip;]<\/p>\n","protected":false},"author":47,"featured_media":5973,"template":"","meta":{"_acf_changed":false,"_tribe_events_status":"","_tribe_events_status_reason":"","footnotes":""},"tags":[],"ods":[12,6,5],"tribe_events_cat":[],"class_list":["post-5972","tribe_events","type-tribe_events","status-publish","has-post-thumbnail","hentry","ods-ciudades-comunidades-sostenibles","ods-alianzas-para-lograr-objetivos","ods-diversidad-linguistica-cultural"],"acf":[],"_links":{"self":[{"href":"https:\/\/www.factoria-4-7.org\/eu\/wp-json\/wp\/v2\/tribe_events\/5972","targetHints":{"allow":["GET"]}}],"collection":[{"href":"https:\/\/www.factoria-4-7.org\/eu\/wp-json\/wp\/v2\/tribe_events"}],"about":[{"href":"https:\/\/www.factoria-4-7.org\/eu\/wp-json\/wp\/v2\/types\/tribe_events"}],"author":[{"embeddable":true,"href":"https:\/\/www.factoria-4-7.org\/eu\/wp-json\/wp\/v2\/users\/47"}],"version-history":[{"count":1,"href":"https:\/\/www.factoria-4-7.org\/eu\/wp-json\/wp\/v2\/tribe_events\/5972\/revisions"}],"predecessor-version":[{"id":5976,"href":"https:\/\/www.factoria-4-7.org\/eu\/wp-json\/wp\/v2\/tribe_events\/5972\/revisions\/5976"}],"wp:featuredmedia":[{"embeddable":true,"href":"https:\/\/www.factoria-4-7.org\/eu\/wp-json\/wp\/v2\/media\/5973"}],"wp:attachment":[{"href":"https:\/\/www.factoria-4-7.org\/eu\/wp-json\/wp\/v2\/media?parent=5972"}],"wp:term":[{"taxonomy":"post_tag","embeddable":true,"href":"https:\/\/www.factoria-4-7.org\/eu\/wp-json\/wp\/v2\/tags?post=5972"},{"taxonomy":"ods","embeddable":true,"href":"https:\/\/www.factoria-4-7.org\/eu\/wp-json\/wp\/v2\/ods?post=5972"},{"taxonomy":"tribe_events_cat","embeddable":true,"href":"https:\/\/www.factoria-4-7.org\/eu\/wp-json\/wp\/v2\/tribe_events_cat?post=5972"}],"curies":[{"name":"wp","href":"https:\/\/api.w.org\/{rel}","templated":true}]}}