{"id":25082,"date":"2025-09-10T16:58:15","date_gmt":"2025-09-10T14:58:15","guid":{"rendered":"https:\/\/www.factoria-4-7.org\/?page_id=25082"},"modified":"2025-09-15T16:18:42","modified_gmt":"2025-09-15T14:18:42","slug":"evento-rce-basque-country-navarre-mondiacult-2025","status":"publish","type":"page","link":"https:\/\/www.factoria-4-7.org\/fr\/evento-rce-basque-country-navarre-mondiacult-2025\/","title":{"rendered":"RCE Basque Country-Navarre contribuye a Mondiacult 2025"},"content":{"rendered":"\n<figure class=\"wp-block-image size-large\"><img loading=\"lazy\" decoding=\"async\" width=\"1024\" height=\"681\" src=\"https:\/\/www.factoria-4-7.org\/wp-content\/uploads\/2025\/09\/Foto-Grupal-RCE-1-1024x681.jpg\" alt=\"\" class=\"wp-image-25093\" srcset=\"https:\/\/www.factoria-4-7.org\/wp-content\/uploads\/2025\/09\/Foto-Grupal-RCE-1-1024x681.jpg 1024w, https:\/\/www.factoria-4-7.org\/wp-content\/uploads\/2025\/09\/Foto-Grupal-RCE-1-300x199.jpg 300w, https:\/\/www.factoria-4-7.org\/wp-content\/uploads\/2025\/09\/Foto-Grupal-RCE-1-768x511.jpg 768w, https:\/\/www.factoria-4-7.org\/wp-content\/uploads\/2025\/09\/Foto-Grupal-RCE-1.jpg 1504w\" sizes=\"auto, (max-width: 1024px) 100vw, 1024px\" \/><\/figure>\n\n\n\n<div style=\"height:20px\" aria-hidden=\"true\" class=\"wp-block-spacer\"><\/div>\n\n\n\n<h2 class=\"wp-block-heading\">I Encuentro Iberoamericano de Regional Centres of Expertise (RCEs) y C\u00e1tedras UNESCO en Educaci\u00f3n para el Desarrollo Sostenible y para una Cultura de Paz contribuye a Mondiacult 2025<\/h2>\n\n\n<div class=\"wp-block-image\">\n<figure class=\"aligncenter size-large is-resized\"><img loading=\"lazy\" decoding=\"async\" width=\"1024\" height=\"251\" src=\"https:\/\/www.factoria-4-7.org\/wp-content\/uploads\/2025\/09\/Mondiacult-2025-01-1024x251.png\" alt=\"\" class=\"wp-image-25118\" style=\"width:504px;height:auto\" srcset=\"https:\/\/www.factoria-4-7.org\/wp-content\/uploads\/2025\/09\/Mondiacult-2025-01-1024x251.png 1024w, https:\/\/www.factoria-4-7.org\/wp-content\/uploads\/2025\/09\/Mondiacult-2025-01-300x74.png 300w, https:\/\/www.factoria-4-7.org\/wp-content\/uploads\/2025\/09\/Mondiacult-2025-01-768x188.png 768w, https:\/\/www.factoria-4-7.org\/wp-content\/uploads\/2025\/09\/Mondiacult-2025-01.png 1076w\" sizes=\"auto, (max-width: 1024px) 100vw, 1024px\" \/><\/figure>\n<\/div>\n\n\n<p>En ocasi\u00f3n del <a href=\"https:\/\/www.un.org\/es\/observances\/international-day-peace\">D\u00eda Internacional de la Paz<\/a>, el I Encuentro Iberoamericano de RCEs reunir\u00e1, en formato h\u00edbrido, a representantes de la UNESCO, la OEI, diversas C\u00e1tedras UNESCO iberoamericanas y los RCEs de la regi\u00f3n, promoviendo el di\u00e1logo y la cooperaci\u00f3n en torno a la Educaci\u00f3n para el Desarrollo Sostenible (EDS) y la meta 4.7 de los ODS.<\/p>\n\n\n\n<p>Coorganizado por <a href=\"http:\/\/unetxea.org\">UN ETXEA<\/a> y la <a href=\"https:\/\/www.deusto.es\/es\/inicio\/somos-deusto\/centros-universitarios\/catedras\/catedra-unesco\">C\u00e1tedra UNESCO de la Universidad de Deusto<\/a>, en nombre del RCE Basque Country \u2013 Navarre, este encuentro forma parte del proyecto Factor\u00eda 4.7 \u2013 Plataforma Iberoamericana de Educaci\u00f3n para el Desarrollo Sostenible (EDS), una herramienta multidimensional para el avance de la Agenda 2030 por v\u00eda de la meta 4.7 de los ODS.<\/p>\n\n\n\n<p>Aunque la <a href=\"https:\/\/unu.edu\/ias\">Universidad de las Naciones Unidas<\/a> ha reconocido m\u00e1s de 190 RCEs en todo el mundo, solo 14 se sit\u00faan en el espacio iberoamericano. Este I Encuentro pretende fortalecer la red regional, compartir buenas pr\u00e1cticas y visibilizar iniciativas que promuevan:<\/p>\n\n\n\n<h2 class=\"wp-block-heading\">JUSTIFICACI\u00d3N Y CONTEXTO<\/h2>\n\n\n\n<ul class=\"wp-block-list\">\n<li>Estilos de vida sostenibles<\/li>\n\n\n\n<li>Derechos Humanos<\/li>\n\n\n\n<li>Igualdad de g\u00e9nero<\/li>\n\n\n\n<li>Cultura de paz y no violencia<\/li>\n\n\n\n<li>Ciudadan\u00eda mundial<\/li>\n\n\n\n<li>Diversidad cultural<\/li>\n<\/ul>\n\n\n\n<p>Tanto el <a href=\"https:\/\/unu.edu\/ias\/global-rce-network\">Servicio Global de RCEs<\/a> Global RCE Network como la <a href=\"https:\/\/rce-europe.org\/\">red europea de RCEs<\/a> han sido informadas de este evento, consider\u00e1ndolo significativo como preludio a la <a href=\"https:\/\/14th-global-rce.com\/\">14a Conferencia Mundial de RCEs<\/a>, del 21-23 de octubre en Okayama (Jap\u00f3n).<\/p>\n\n\n\n<ul class=\"wp-block-list\">\n<li><strong>FECHA:&nbsp;<\/strong> &nbsp;&nbsp;&nbsp; Lunes, 22 de septiembre de 2025<\/li>\n\n\n\n<li><strong>HORARIO:<\/strong>&nbsp; \n<ul class=\"wp-block-list\">\n<li>13:30 a 15:00 (CET) \u2013 Comida<\/li>\n\n\n\n<li>15:00 a 15:15 \u2013 Presentaci\u00f3n de la Exposici\u00f3n \u2018Educaci\u00f3n en Memoria y Paz\u2019<\/li>\n\n\n\n<li>15:15 a 18:45 \u2013 Seminario<\/li>\n<\/ul>\n<\/li>\n\n\n\n<li><strong>LUGAR:<\/strong>&nbsp; Universidad de Deusto, Bilbao (entidad miembro del RCE Basque Country-Navarre)\n<ul class=\"wp-block-list\">\n<li>Comedor ESIDE (comida a las 13h30)<\/li>\n\n\n\n<li>Claustro (exposici\u00f3n a las 15h)<\/li>\n\n\n\n<li>Sala Churruca (seminario a las 15h15) \/ On-line (zoom) a las 15h15<\/li>\n<\/ul>\n<\/li>\n<\/ul>\n\n\n\n<h2 class=\"wp-block-heading\">OBJETIVOS<\/h2>\n\n\n\n<p>Tejer redes y alianzas entre RCEs, UNESCO, OEI y C\u00e1tedras UNESCO.<\/p>\n\n\n\n<ul class=\"wp-block-list\">\n<li>Tejer redes y alianzas entre RCEs, UNESCO, OEI y C\u00e1tedras UNESCO.<\/li>\n\n\n\n<li>Compartir proyectos y experiencias en materia de Educaci\u00f3n para el Desarrollo Sostenible (EDS) y<br>Educaci\u00f3n para la Ciudan\u00eda Global (ECG) en Iberoam\u00e9rica.<\/li>\n\n\n\n<li>Identificar buenas pr\u00e1cticas replicables y escalables.<\/li>\n\n\n\n<li>Movilizar a la comunidad educativa y sociedad civil de nuestro RCEs en torno a la meta 4.7 de los ODS.<\/li>\n<\/ul>\n\n\n\n<h2 class=\"wp-block-heading\">DIRIGIDO A:<\/h2>\n\n\n\n<p>Representantes de RCEs iberoamericanos, acad\u00e9micos, profesionales de EDS, responsables institucionales,<br>C\u00e1tedras UNESCO, ONG, sector privado y medios de comunicaci\u00f3n interesados en participar v\u00eda<br>videoconferencia o presencialmente en Bilbao.<\/p>\n\n\n\n<h3 class=\"wp-block-heading\"><strong>PROGRAMA PROVISIONAL<\/strong><\/h3>\n\n\n\n<p><strong>15:15 \u2013 15:30<\/strong> BIENVENIDA Y PRESENTACI\u00d3N<\/p>\n\n\n\n<ul class=\"wp-block-list\">\n<li>Universidad de Deusto&nbsp;<\/li>\n\n\n\n<li>UN ETXEA \u2013 Asociaci\u00f3n del Pa\u00eds Vasco para la UNESCO<\/li>\n<\/ul>\n\n\n\n<p><strong>15:30 \u2013 16:00<\/strong> APERTURA INSTITUCIONAL<\/p>\n\n\n\n<ul class=\"wp-block-list\">\n<li>UNESCO<\/li>\n\n\n\n<li>OEI<\/li>\n<\/ul>\n\n\n\n<p><strong>16:00 \u2013 16:15<\/strong> EL PAPEL DE LOS RCEs EN LA EDS IBEROAMERICANA&nbsp;<\/p>\n\n\n\n<p><strong>16:15 \u2013 17:15 <\/strong>PANEL I: PRESENTACI\u00d3N DE INICIATIVAS Y PROYECTOS DE RCEs&nbsp;<\/p>\n\n\n\n<p><strong>17:15 \u2013 18:15<\/strong> PANEL II: PRESENTACI\u00d3N DE INICIATIVAS Y PROYECTOS DE C\u00c1TEDRAS UNESCO&nbsp;Y OTRAS REDES EDUCATIVAS DEL \u00c1MBITO IBEROAMERICANO<\/p>\n\n\n\n<p><strong>18:15 \u2013 18:30<\/strong> DI\u00c1LOGO ABIERTO Y SINERGIAS INTERREGIONALES<\/p>\n\n\n\n<p><strong>18:30 \u2013 18:45<\/strong> CONCLUSIONES Y PERSPECTIVAS<\/p>\n\n\n\n<div style=\"height:59px\" aria-hidden=\"true\" class=\"wp-block-spacer\"><\/div>\n\n\n\n<figure class=\"wp-block-image size-large is-resized\"><img loading=\"lazy\" decoding=\"async\" width=\"1024\" height=\"310\" src=\"https:\/\/www.factoria-4-7.org\/wp-content\/uploads\/2025\/09\/Logos-Instituciones-1024x310.png\" alt=\"\" class=\"wp-image-25259\" style=\"width:798px;height:auto\" srcset=\"https:\/\/www.factoria-4-7.org\/wp-content\/uploads\/2025\/09\/Logos-Instituciones-1024x310.png 1024w, https:\/\/www.factoria-4-7.org\/wp-content\/uploads\/2025\/09\/Logos-Instituciones-300x91.png 300w, https:\/\/www.factoria-4-7.org\/wp-content\/uploads\/2025\/09\/Logos-Instituciones-768x233.png 768w, https:\/\/www.factoria-4-7.org\/wp-content\/uploads\/2025\/09\/Logos-Instituciones.png 1241w\" sizes=\"auto, (max-width: 1024px) 100vw, 1024px\" \/><\/figure>\n\n\n\n<div style=\"height:32px\" aria-hidden=\"true\" class=\"wp-block-spacer\"><\/div>\n\n\n\n<p><\/p>\n","protected":false},"excerpt":{"rendered":"<p>I Encuentro Iberoamericano de Regional Centres of Expertise (RCEs) y C\u00e1tedras UNESCO en Educaci\u00f3n para el Desarrollo Sostenible y para una Cultura de Paz contribuye a Mondiacult 2025 En ocasi\u00f3n [&hellip;]<\/p>\n","protected":false},"author":3,"featured_media":25124,"parent":0,"menu_order":0,"comment_status":"closed","ping_status":"closed","template":"","meta":{"_acf_changed":false,"footnotes":""},"class_list":["post-25082","page","type-page","status-publish","has-post-thumbnail","hentry"],"acf":[],"_links":{"self":[{"href":"https:\/\/www.factoria-4-7.org\/fr\/wp-json\/wp\/v2\/pages\/25082","targetHints":{"allow":["GET"]}}],"collection":[{"href":"https:\/\/www.factoria-4-7.org\/fr\/wp-json\/wp\/v2\/pages"}],"about":[{"href":"https:\/\/www.factoria-4-7.org\/fr\/wp-json\/wp\/v2\/types\/page"}],"author":[{"embeddable":true,"href":"https:\/\/www.factoria-4-7.org\/fr\/wp-json\/wp\/v2\/users\/3"}],"replies":[{"embeddable":true,"href":"https:\/\/www.factoria-4-7.org\/fr\/wp-json\/wp\/v2\/comments?post=25082"}],"version-history":[{"count":36,"href":"https:\/\/www.factoria-4-7.org\/fr\/wp-json\/wp\/v2\/pages\/25082\/revisions"}],"predecessor-version":[{"id":25315,"href":"https:\/\/www.factoria-4-7.org\/fr\/wp-json\/wp\/v2\/pages\/25082\/revisions\/25315"}],"wp:featuredmedia":[{"embeddable":true,"href":"https:\/\/www.factoria-4-7.org\/fr\/wp-json\/wp\/v2\/media\/25124"}],"wp:attachment":[{"href":"https:\/\/www.factoria-4-7.org\/fr\/wp-json\/wp\/v2\/media?parent=25082"}],"curies":[{"name":"wp","href":"https:\/\/api.w.org\/{rel}","templated":true}]}}