{"id":27580,"date":"2025-09-10T16:58:15","date_gmt":"2025-09-10T14:58:15","guid":{"rendered":"https:\/\/www.factoria-4-7.org\/rce-basque-country-navarre-contribue-a-mondiacult-2025\/"},"modified":"2026-02-18T10:34:47","modified_gmt":"2026-02-18T09:34:47","slug":"rce-basque-country-navarre-contribue-a-mondiacult-2025","status":"publish","type":"page","link":"https:\/\/www.factoria-4-7.org\/gl\/rce-basque-country-navarre-contribue-a-mondiacult-2025\/","title":{"rendered":"RCE Basque Country-Navarre contrib\u00fae a Mondiacult 2025"},"content":{"rendered":"\n<figure class=\"wp-block-image size-large\"><img loading=\"lazy\" decoding=\"async\" width=\"1024\" height=\"681\" src=\"https:\/\/www.factoria-4-7.org\/wp-content\/uploads\/2025\/09\/Foto-Grupal-RCE-1-1024x681.jpg\" alt=\"\" class=\"wp-image-25093\" srcset=\"https:\/\/www.factoria-4-7.org\/wp-content\/uploads\/2025\/09\/Foto-Grupal-RCE-1-1024x681.jpg 1024w, https:\/\/www.factoria-4-7.org\/wp-content\/uploads\/2025\/09\/Foto-Grupal-RCE-1-300x199.jpg 300w, https:\/\/www.factoria-4-7.org\/wp-content\/uploads\/2025\/09\/Foto-Grupal-RCE-1-768x511.jpg 768w, https:\/\/www.factoria-4-7.org\/wp-content\/uploads\/2025\/09\/Foto-Grupal-RCE-1.jpg 1504w\" sizes=\"auto, (max-width: 1024px) 100vw, 1024px\" \/><\/figure>\n\n<div style=\"height:20px\" aria-hidden=\"true\" class=\"wp-block-spacer\"><\/div>\n\n<h2 class=\"wp-block-heading\">I Encontro Iberoamericano de Regional Centres of Expertise (RCEs) e C\u00e1tedras UNESCO en Educaci\u00f3n para o Desenvolvemento Sostible e para unha Cultura de Paz contrib\u00fae a Mondiacult 2025<\/h2>\n<div class=\"wp-block-image\">\n<figure class=\"aligncenter size-large is-resized\"><img loading=\"lazy\" decoding=\"async\" width=\"1024\" height=\"251\" src=\"https:\/\/www.factoria-4-7.org\/wp-content\/uploads\/2025\/09\/Mondiacult-2025-01-1024x251.png\" alt=\"\" class=\"wp-image-25118\" style=\"width:504px;height:auto\" srcset=\"https:\/\/www.factoria-4-7.org\/wp-content\/uploads\/2025\/09\/Mondiacult-2025-01-1024x251.png 1024w, https:\/\/www.factoria-4-7.org\/wp-content\/uploads\/2025\/09\/Mondiacult-2025-01-300x74.png 300w, https:\/\/www.factoria-4-7.org\/wp-content\/uploads\/2025\/09\/Mondiacult-2025-01-768x188.png 768w, https:\/\/www.factoria-4-7.org\/wp-content\/uploads\/2025\/09\/Mondiacult-2025-01.png 1076w\" sizes=\"auto, (max-width: 1024px) 100vw, 1024px\" \/><\/figure>\n<\/div>\n<p>Con motivo do <a href=\"https:\/\/www.un.org\/es\/observances\/international-day-peace\">D\u00eda Internacional da Paz<\/a>, o I Encontro Iberoamericano de RCE reunir\u00e1, nun formato h\u00edbrido, representantes da UNESCO, a OEI, diversas C\u00e1tedras UNESCO iberoamericanas e os RCE da rexi\u00f3n, promovendo o di\u00e1logo e a cooperaci\u00f3n arredor da Educaci\u00f3n para o Desenvolvemento Sostible (EDS) e a meta 4.7 dos ODS.<\/p>\n\n<p>Coorganizado por <a href=\"http:\/\/unetxea.org\">UN ETXEA<\/a> e a <a href=\"https:\/\/www.deusto.es\/es\/inicio\/somos-deusto\/centros-universitarios\/catedras\/catedra-unesco\">C\u00e1tedra UNESCO da Universidade de Deusto<\/a>, en nome do RCE Basque Country-Navarre, este encontro forma parte do proxecto Factor\u00eda 4.7 \u2013 Plataforma Iberoamericana de Educaci\u00f3n para o Desenvolvemento Sostible (EDS), unha ferramenta multidimensional para o avance da Axenda 2030 por v\u00eda da meta 4.7 dos ODS.<\/p>\n\n<p>A\u00ednda que a <a href=\"https:\/\/unu.edu\/ias\">Universidade das Naci\u00f3ns Unidas<\/a> reco\u00f1eceu m\u00e1is de 190 RCE en todo o mundo, s\u00f3 14 se sit\u00faan no espazo iberoamericano. Este I Encontro pretende fortalecer a rede rexional, compartir boas pr\u00e1cticas e visibilizar iniciativas que promovan:<\/p>\n\n<h2 class=\"wp-block-heading\">XUSTIFICACI\u00d3N E CONTEXTO<\/h2>\n\n<ul class=\"wp-block-list\">\n<li>Estilos de vida sostibles<\/li>\n\n\n\n<li>Dereitos humanos<\/li>\n\n\n\n<li>Igualdade de x\u00e9nero<\/li>\n\n\n\n<li>Cultura de paz e non-violencia<\/li>\n\n\n\n<li>Cidadan\u00eda mundial<\/li>\n\n\n\n<li>Diversidade cultural<\/li>\n<\/ul>\n\n<p>Tanto o <a href=\"https:\/\/unu.edu\/ias\/global-rce-network\">Servizo Global de RCE<\/a> Global RCE Network como a <a href=\"https:\/\/rce-europe.org\/\">rede europea de RCE<\/a> foron informadas deste evento, consider\u00e1ndoo significativo como preludio para a <a href=\"https:\/\/14th-global-rce.com\/\">14.\u00aa Conferencia Mundial de RCE<\/a>, do 21-23 de outubro en Okayama (Xap\u00f3n).<\/p>\n\n<ul class=\"wp-block-list\">\n<li><strong>DATA:\u00a0<\/strong> \u00a0\u00a0\u00a0 Luns, 22 de setembro de 2025<\/li>\n\n\n\n<li><strong>HORARIO:<\/strong>&nbsp; \n<ul class=\"wp-block-list\">\n<li>13:30 a 15:00 (CET) \u2013 Xantar<\/li>\n\n\n\n<li>15:00 a 15:15 \u2013 Presentaci\u00f3n da exposici\u00f3n \u2018Educaci\u00f3n en Memoria e Paz\u2018<\/li>\n\n\n\n<li>15:15 a 18:45 \u2013 Seminario<\/li>\n<\/ul>\n<\/li>\n\n\n\n<li><strong>LUGAR:<\/strong>&nbsp; Universidad de Deusto, Bilbao (entidad miembro del RCE Basque Country-Navarre)\n<ul class=\"wp-block-list\">\n<li>Comedor ESIDE (xantar \u00e1s 13:30)<\/li>\n\n\n\n<li>Claustro (exposici\u00f3n \u00e1s 15)<\/li>\n\n\n\n<li>Sala Churruca (seminario \u00e1s 15:15) \/ En li\u00f1a (Zoom) \u00e1s 15:15<\/li>\n<\/ul>\n<\/li>\n<\/ul>\n\n<h2 class=\"wp-block-heading\">OBXECTIVOS<\/h2>\n\n<p>Tecer redes e alianzas entre RCE, a UNESCO, a OEI e C\u00e1tedras UNESCO.<\/p>\n\n<ul class=\"wp-block-list\">\n<li>Tecer redes e alianzas entre RCE, a UNESCO, a OEI e C\u00e1tedras UNESCO.<\/li>\n\n\n\n<li>Compartir proxectos e experiencias en materia de Educaci\u00f3n para o Desenvolvemento Sostible (EDS) e<br\/>Educaci\u00f3n para a Cidadan\u00eda Global (ECG) en Iberoam\u00e9rica.<\/li>\n\n\n\n<li>Identificar boas pr\u00e1cticas replicables e escalables.<\/li>\n\n\n\n<li>Mobilizar a comunidade educativa e a sociedade civil dos nosos RCE arredor da meta 4.7 dos ODS.<\/li>\n<\/ul>\n\n<h2 class=\"wp-block-heading\">DIRIXIDO A:<\/h2>\n\n<p>Representantes de RCE iberoamericanos, acad\u00e9micos, profesionais de EDS, responsables institucionais,<br\/>C\u00e1tedras UNESCO, ONG, sector privado e medios de comunicaci\u00f3n interesados en participar por<br\/>videoconferencia ou presencialmente en Bilbao.<\/p>\n\n<h3 class=\"wp-block-heading\"><strong>PROGRAMA PROVISIONAL<\/strong><\/h3>\n\n<p><strong>15:15 \u2013 15:30<\/strong> BENVIDA E PRESENTACI\u00d3N<\/p>\n\n<ul class=\"wp-block-list\">\n<li>Universidade de Deusto\u00a0<\/li>\n\n\n\n<li>UN ETXEA \u2013 Asociaci\u00f3n do Pa\u00eds Vasco para a UNESCO<\/li>\n<\/ul>\n\n<p><strong>15:30 \u2013 16:00<\/strong> APERTURA INSTITUCIONAL<\/p>\n\n<ul class=\"wp-block-list\">\n<li>UNESCO<\/li>\n\n\n\n<li>OEI<\/li>\n<\/ul>\n\n<p><strong>16:00 \u2013 16:15<\/strong> O PAPEL DOS RCE NA EDS IBEROAMERICANA\u00a0<\/p>\n\n<p><strong>16:15 \u2013 17:15<\/strong> PANEL I: PRESENTACI\u00d3N DAS INICIATIVAS E PROXECTOS DE RCE\u00a0<\/p>\n\n<p><strong>17:15 \u2013 18:15<\/strong> PANEL II: PRESENTACI\u00d3N DE INICIATIVAS E PROXECTOS DE C\u00c1TEDRAS UNESCO E OUTRAS REDES EDUCATIVAS DO \u00c1MBITO IBEROAMERICANO<\/p>\n\n<p><strong>18:15 \u2013 18:30<\/strong> DI\u00c1LOGO ABERTO E SINERX\u00cdAS INTERREXIONAIS<\/p>\n\n<p><strong>18:30 \u2013 18:45<\/strong> CONCLUSI\u00d3NS E PERSPECTIVAS<\/p>\n\n<div style=\"height:59px\" aria-hidden=\"true\" class=\"wp-block-spacer\"><\/div>\n\n<figure class=\"wp-block-image size-large is-resized\"><img loading=\"lazy\" decoding=\"async\" width=\"1024\" height=\"310\" src=\"https:\/\/www.factoria-4-7.org\/wp-content\/uploads\/2025\/09\/Logos-Instituciones-1024x310.png\" alt=\"\" class=\"wp-image-25259\" style=\"width:798px;height:auto\" srcset=\"https:\/\/www.factoria-4-7.org\/wp-content\/uploads\/2025\/09\/Logos-Instituciones-1024x310.png 1024w, https:\/\/www.factoria-4-7.org\/wp-content\/uploads\/2025\/09\/Logos-Instituciones-300x91.png 300w, https:\/\/www.factoria-4-7.org\/wp-content\/uploads\/2025\/09\/Logos-Instituciones-768x233.png 768w, https:\/\/www.factoria-4-7.org\/wp-content\/uploads\/2025\/09\/Logos-Instituciones.png 1241w\" sizes=\"auto, (max-width: 1024px) 100vw, 1024px\" \/><\/figure>\n\n<div style=\"height:32px\" aria-hidden=\"true\" class=\"wp-block-spacer\"><\/div>\n\n<p><\/p>\n","protected":false},"excerpt":{"rendered":"<p>I Encontro Iberoamericano de Regional Centres of Expertise (RCEs) e C\u00e1tedras UNESCO en Educaci\u00f3n para o Desenvolvemento Sostible e para unha Cultura de Paz contrib\u00fae a Mondiacult 2025 Con motivo [&hellip;]<\/p>\n","protected":false},"author":3,"featured_media":27587,"parent":0,"menu_order":0,"comment_status":"closed","ping_status":"closed","template":"","meta":{"_acf_changed":false,"footnotes":""},"class_list":["post-27580","page","type-page","status-publish","has-post-thumbnail","hentry"],"acf":[],"_links":{"self":[{"href":"https:\/\/www.factoria-4-7.org\/gl\/wp-json\/wp\/v2\/pages\/27580","targetHints":{"allow":["GET"]}}],"collection":[{"href":"https:\/\/www.factoria-4-7.org\/gl\/wp-json\/wp\/v2\/pages"}],"about":[{"href":"https:\/\/www.factoria-4-7.org\/gl\/wp-json\/wp\/v2\/types\/page"}],"author":[{"embeddable":true,"href":"https:\/\/www.factoria-4-7.org\/gl\/wp-json\/wp\/v2\/users\/3"}],"replies":[{"embeddable":true,"href":"https:\/\/www.factoria-4-7.org\/gl\/wp-json\/wp\/v2\/comments?post=27580"}],"version-history":[{"count":1,"href":"https:\/\/www.factoria-4-7.org\/gl\/wp-json\/wp\/v2\/pages\/27580\/revisions"}],"predecessor-version":[{"id":27590,"href":"https:\/\/www.factoria-4-7.org\/gl\/wp-json\/wp\/v2\/pages\/27580\/revisions\/27590"}],"wp:featuredmedia":[{"embeddable":true,"href":"https:\/\/www.factoria-4-7.org\/gl\/wp-json\/wp\/v2\/media\/27587"}],"wp:attachment":[{"href":"https:\/\/www.factoria-4-7.org\/gl\/wp-json\/wp\/v2\/media?parent=27580"}],"curies":[{"name":"wp","href":"https:\/\/api.w.org\/{rel}","templated":true}]}}