{"id":3698,"date":"2023-05-12T13:00:00","date_gmt":"2023-05-12T13:00:00","guid":{"rendered":"https:\/\/www.factoria-4-7.org\/?post_type=tribe_events&#038;p=3698"},"modified":"2023-05-26T10:32:47","modified_gmt":"2023-05-26T10:32:47","slug":"rce-i-asamblea-regional","status":"publish","type":"tribe_events","link":"https:\/\/www.factoria-4-7.org\/pt-pt\/evento\/rce-i-asamblea-regional\/","title":{"rendered":"I ASAMBLEA Regional Centre of Expertise (RCE)\u00a0Basque Country-Navarre"},"content":{"rendered":"<p><img loading=\"lazy\" decoding=\"async\" class=\"alignnone size-medium wp-image-3716\" src=\"https:\/\/www.factoria-4-7.org\/wp-content\/uploads\/2023\/05\/RCE-300x168.png\" alt=\"\" width=\"300\" height=\"168\" srcset=\"https:\/\/www.factoria-4-7.org\/wp-content\/uploads\/2023\/05\/RCE-300x168.png 300w, https:\/\/www.factoria-4-7.org\/wp-content\/uploads\/2023\/05\/RCE-1024x575.png 1024w, https:\/\/www.factoria-4-7.org\/wp-content\/uploads\/2023\/05\/RCE-768x431.png 768w, https:\/\/www.factoria-4-7.org\/wp-content\/uploads\/2023\/05\/RCE-1536x862.png 1536w, https:\/\/www.factoria-4-7.org\/wp-content\/uploads\/2023\/05\/RCE.png 1554w\" sizes=\"auto, (max-width: 300px) 100vw, 300px\" \/><\/p>\n<p><strong><u>I ASAMBLEA RCE BASQUE COUNTRY &#8211; NAVARRE<\/u><\/strong><\/p>\n<p><strong>PROGRAMA FORMAL<\/strong><\/p>\n<p>9:30 \u2013 10:00\u00a0\u00a0\u00a0\u00a0\u00a0\u00a0\u00a0\u00a0 BIENVENIDA.<\/p>\n<p>10:00 \u2013 10:10 \u00a0\u00a0\u00a0\u00a0\u00a0 APERTURA INSTITUCIONAL.<\/p>\n<ul>\n<li><strong>Isaak Aranberri<\/strong>, director de Zumaiena Ikastetxea.<\/li>\n<li><strong>Aran Acha, <\/strong>directora de UN Etxea \u2013 Asociaci\u00f3n del Pa\u00eds Vasco para la UNESCO.<\/li>\n<\/ul>\n<p>10:10 \u2013 10:15\u00a0\u00a0\u00a0\u00a0\u00a0\u00a0 PRESENTACI\u00d3N DE LOS OBJETIVOS DE LA JORNADA.<\/p>\n<ul>\n<li><strong>Samuel Fern\u00e1ndez Diekert, <\/strong>programa Educaci\u00f3n Factor\u00eda 4.7, UN Etxea \u2013 Asociaci\u00f3n del Pa\u00eds Vasco para la UNESCO<\/li>\n<\/ul>\n<p>10:15 \u2013 10:45\u00a0\u00a0\u00a0\u00a0\u00a0\u00a0 PRESENTACI\u00d3N MARCO RCE GALIZA.<\/p>\n<ul>\n<li><strong>Jo\u00e1m Evans Pim, <\/strong>Fundaci\u00f3n Montescola.<\/li>\n<\/ul>\n<p>10:45 \u2013 11:10\u00a0\u00a0\u00a0\u00a0\u00a0\u00a0 PROYECTO BOOST-IMPULSANDO LA EDUCACI\u00d3N AMBIENTAL EN EUSKADI<\/p>\n<ul>\n<li><strong>Mikel Ballesteros Garc\u00eda<\/strong>, consultor senior en M.A. y sistemas de informaci\u00f3n. Servicio de Educaci\u00f3n ambiental, Viceconsejer\u00eda de Sostenibilidad Ambiental<\/li>\n<\/ul>\n<p>11:10 \u2013 12:15 \u00a0\u00a0\u00a0\u00a0\u00a0 EXPERIENCIAS ENTIDADES RCE BASQUE COUNTRY-NAVARRE (presentaciones).<\/p>\n<ul>\n<li style=\"list-style-type: none;\">\n<ul>\n<li>Proyectos escolares Mancoeduca. Rumbo a la sostenibilidad. (<strong>Mar Garc\u00eda<\/strong>, Programa de educaci\u00f3n ambiental de la Mancomunidad de la Comarca de Pamplona)<\/li>\n<li>Plan de Agenda 2030 de Lauro Ikastola. (<strong>Jonan G\u00f3mez Barrenetxea<\/strong>, Lauro Ikastola)<\/li>\n<li>Potencial dinamizador del sector educativo en la sensibilizaci\u00f3n y lucha colectiva contra la emergencia clim\u00e1tica (<strong>Txus Arana<\/strong>, Fundaci\u00f3n Arizmendiarrieta)<\/li>\n<li>Lenguas y ODS (<strong>In\u00e9s Garc\u00eda Azkoaga<\/strong>, C\u00e1tedra UNESCO Patrimonio Ling\u00fc\u00edstico Mundial UPV\/EHU)<\/li>\n<li>Espacio para preguntas<\/li>\n<\/ul>\n<\/li>\n<\/ul>\n<ul>\n<li style=\"list-style-type: none;\"><\/li>\n<\/ul>\n<p>12:15 \u2013 12:30\u00a0\u00a0\u00a0\u00a0\u00a0\u00a0 PAUSA CAF\u00c9<\/p>\n<p>12:30 \u2013 13:30 \u00a0\u00a0\u00a0\u00a0\u00a0 DIALOGO ABIERTO EN TORNO AL PLANTEAMIENTO INICIAL DE TRABAJO RCE.<\/p>\n<p>Modera:<strong> Samuel Fern\u00e1ndez Diekert, <\/strong>programa Educaci\u00f3n Factor\u00eda 4.7, UN Etxea \u2013Asociaci\u00f3n del Pa\u00eds Vasco para la UNESCO<\/p>\n<ul>\n<li>Presentaci\u00f3n del espacio virtual de trabajo RCE (junto a <strong>Javier Gonz\u00e1lez<\/strong>, Dr.Minsky)<\/li>\n<li>Propuesta de comit\u00e9s de proyecto<\/li>\n<li>Operacionalizaci\u00f3n del RCE (Gobernanza, comunicaci\u00f3n, estructura org\u00e1nica)<\/li>\n<li>Co-organizaci\u00f3n del Encuentro Europeo de RCEs 2023 (Webinar)<\/li>\n<\/ul>\n<p>13:30 \u2013 14:00\u00a0\u00a0\u00a0\u00a0\u00a0\u00a0 CONCLUSIONES Y CIERRE<\/p>\n<p><strong>PROGRAMA INFORMAL OPCIONAL<\/strong><\/p>\n<p>14:00 \u2013 16:30\u00a0\u00a0\u00a0\u00a0\u00a0\u00a0 COMIDA GRUPAL (APORTACI\u00d3N INDIVIDUAL)<\/p>\n<p>16:30 \u2013 17:30\u00a0\u00a0\u00a0\u00a0\u00a0\u00a0 VISITA AL GEOPARQUE DE LA COSTA VASCA<\/p>\n<p><a href=\"https:\/\/www.factoria-4-7.org\/wp-content\/uploads\/2023\/05\/PROGRAMA-PROVISIONAL-DE-LA-JORNADA.pdf\">PROGRAMA PROVISIONAL DE LA JORNADA<\/a><\/p>\n<p>&nbsp;<\/p>\n","protected":false},"excerpt":{"rendered":"<p>I ASAMBLEA RCE BASQUE COUNTRY &#8211; NAVARRE PROGRAMA FORMAL 9:30 \u2013 10:00\u00a0\u00a0\u00a0\u00a0\u00a0\u00a0\u00a0\u00a0 BIENVENIDA. 10:00 \u2013 10:10 \u00a0\u00a0\u00a0\u00a0\u00a0 APERTURA INSTITUCIONAL. Isaak Aranberri, director de Zumaiena Ikastetxea. Aran Acha, directora de UN [&hellip;]<\/p>\n","protected":false},"author":6,"featured_media":3711,"template":"","meta":{"_acf_changed":false,"_tribe_events_status":"","_tribe_events_status_reason":"","footnotes":""},"tags":[],"ods":[6,19],"tribe_events_cat":[],"class_list":["post-3698","tribe_events","type-tribe_events","status-publish","has-post-thumbnail","hentry","ods-alianzas-para-lograr-objetivos","ods-educacion-calidad"],"acf":[],"_links":{"self":[{"href":"https:\/\/www.factoria-4-7.org\/pt-pt\/wp-json\/wp\/v2\/tribe_events\/3698","targetHints":{"allow":["GET"]}}],"collection":[{"href":"https:\/\/www.factoria-4-7.org\/pt-pt\/wp-json\/wp\/v2\/tribe_events"}],"about":[{"href":"https:\/\/www.factoria-4-7.org\/pt-pt\/wp-json\/wp\/v2\/types\/tribe_events"}],"author":[{"embeddable":true,"href":"https:\/\/www.factoria-4-7.org\/pt-pt\/wp-json\/wp\/v2\/users\/6"}],"version-history":[{"count":8,"href":"https:\/\/www.factoria-4-7.org\/pt-pt\/wp-json\/wp\/v2\/tribe_events\/3698\/revisions"}],"predecessor-version":[{"id":3720,"href":"https:\/\/www.factoria-4-7.org\/pt-pt\/wp-json\/wp\/v2\/tribe_events\/3698\/revisions\/3720"}],"wp:featuredmedia":[{"embeddable":true,"href":"https:\/\/www.factoria-4-7.org\/pt-pt\/wp-json\/wp\/v2\/media\/3711"}],"wp:attachment":[{"href":"https:\/\/www.factoria-4-7.org\/pt-pt\/wp-json\/wp\/v2\/media?parent=3698"}],"wp:term":[{"taxonomy":"post_tag","embeddable":true,"href":"https:\/\/www.factoria-4-7.org\/pt-pt\/wp-json\/wp\/v2\/tags?post=3698"},{"taxonomy":"ods","embeddable":true,"href":"https:\/\/www.factoria-4-7.org\/pt-pt\/wp-json\/wp\/v2\/ods?post=3698"},{"taxonomy":"tribe_events_cat","embeddable":true,"href":"https:\/\/www.factoria-4-7.org\/pt-pt\/wp-json\/wp\/v2\/tribe_events_cat?post=3698"}],"curies":[{"name":"wp","href":"https:\/\/api.w.org\/{rel}","templated":true}]}}